{"id":22913,"date":"2022-09-14T08:59:38","date_gmt":"2022-09-14T07:59:38","guid":{"rendered":"https:\/\/stjoseph-lamadeleine-guerande.fr\/?page_id=22913"},"modified":"2022-10-07T11:33:30","modified_gmt":"2022-10-07T10:33:30","slug":"classe-decouverte-ecole-de-la-nature","status":"publish","type":"page","link":"https:\/\/stjoseph-lamadeleine-guerande.fr\/?page_id=22913","title":{"rendered":"Classe d\u00e9couverte &#8211; Ecole de la nature"},"content":{"rendered":"<p><img decoding=\"async\" class=\"aligncenter\" src=\"https:\/\/s1.qwant.com\/thumbr\/0x0\/a\/0\/67e4f95883414704d6bfa79ad5a27021cc35aa695b44d13f8ee5c8c398e173\/logo.png?u=https%3A%2F%2Fecole.branfere.com%2Fwp-content%2Fuploads%2Fsites%2F3%2F2018%2F04%2Flogo.png&amp;q=0&amp;b=1&amp;p=0&amp;a=0\" alt=\"S\u00e9jours pendant les vacances scolaires au parc de Branf\u00e9r\u00e9 pour enfants\">Les \u00e9l\u00e8ves du Cp au Cm2 partent 4 jours \u00e0 l&rsquo;\u00e9cole de la nature pour un projet sur l&rsquo;environnement et l&rsquo;\u00e9cocitoyennet\u00e9.<\/p>\n<p>Vous trouverez chaque soir des photos et des informations sur la journ\u00e9e<\/p>\n<p>Le trousseau conseill\u00e9 avec la feuille \u00e0 mettre dans la valise:<a href=\"http:\/\/stjoseph-lamadeleine-guerande.fr\/wp-content\/uploads\/2022\/09\/trousseau-Branfere-2022.doc\">trousseau Branf\u00e9r\u00e9 2022<\/a><\/p>\n<p>Bonsoir \u00e0 tous les parents,&nbsp;<\/p>\n<p>Notre premi\u00e8re journ\u00e9e de classe d\u00e9couverte s&rsquo;est tr\u00e8s bien pass\u00e9e.&nbsp;<\/p>\n<p>Tous les enfants sont couch\u00e9s, bien fatigu\u00e9s de leurs premi\u00e8res d\u00e9couvertes.<\/p>\n<p>Aujourd&rsquo;hui nous avons d\u00e9couvert le parc, les animaux et la v\u00e9g\u00e9tation \u00e0 travers des activit\u00e9s et des jeux sur l&rsquo;adaptation des animaux \u00e0 leur environnement.<\/p>\n<p>Nous avons m\u00eame f\u00eat\u00e9 les anniversaires de Alix et Aaron<\/p>\n<p>Voici quelques photos, d&rsquo;autres suivront.<\/p>\n<p>ngg_shortcode_0_placeholderBonsoir,&nbsp;<\/p>\n<p>Voici notre deuxi\u00e8me journ\u00e9e qui se termine.<\/p>\n<p>Enqu\u00eate sur les bienfaits de la nature pour les plus grands, d\u00e9couverte du bois par les 5 sens pour les plus jeunes ont \u00e9t\u00e9&nbsp; au programme parmi de nombreuses d\u00e9couvertes.<\/p>\n<p>Premi\u00e8re veill\u00e9e,&nbsp; contes et histoire du parc dans une grange \u00e0 la lueur des bougies pour les Cp, Ce1, balade cont\u00e9e pour les Cm1. Promenade dans le parc la nuit pour les Ce2 et Cm2.&nbsp; Des sensations et des rencontres nocturnes, visiteurs privil\u00e9gi\u00e9s.<\/p>\n<p>21h30, tout le monde au lit, bien fatigu\u00e9s mais la t\u00eate pleine de merveilleux souvenirs.<\/p>\n<p>ngg_shortcode_1_placeholderTroisi\u00e8me journ\u00e9e \u00e0 l&rsquo;\u00e9cole de la nature. Les enfants sont bien fatigu\u00e9s mais toujours autant \u00e9blouis par tout ce qu&rsquo;ils d\u00e9couvrent.<\/p>\n<p>Les animaux et la nature ont beaucoup \u00e0 nous apprendre!&nbsp; Nous avons du travail pour prendre soin de notre plan\u00e8te et de&nbsp;ses habitants.<\/p>\nngg_shortcode_2_placeholder\n","protected":false},"excerpt":{"rendered":"<p>Les \u00e9l\u00e8ves du Cp au Cm2 partent 4 jours \u00e0 l&rsquo;\u00e9cole de la nature pour un projet sur l&rsquo;environnement et l&rsquo;\u00e9cocitoyennet\u00e9. Vous trouverez chaque soir des photos et des informations sur la journ\u00e9e Le trousseau conseill\u00e9 avec la feuille \u00e0 mettre dans la valise:trousseau Branf\u00e9r\u00e9 2022 Bonsoir \u00e0 tous les parents,&nbsp; Notre premi\u00e8re journ\u00e9e de classe d\u00e9couverte s&rsquo;est tr\u00e8s bien pass\u00e9e.&nbsp; Tous les enfants sont couch\u00e9s, bien fatigu\u00e9s de leurs premi\u00e8res d\u00e9couvertes. Aujourd&rsquo;hui nous avons d\u00e9couvert le parc, les animaux et la v\u00e9g\u00e9tation \u00e0 travers des activit\u00e9s et des jeux sur l&rsquo;adaptation des animaux \u00e0 leur environnement. Nous avons m\u00eame f\u00eat\u00e9 les anniversaires de Alix et Aaron Voici quelques photos, d&rsquo;autres suivront. Bonsoir,&nbsp; Voici notre deuxi\u00e8me journ\u00e9e qui se termine. Enqu\u00eate sur les bienfaits de la nature pour les plus grands, d\u00e9couverte du bois par les 5 sens pour les plus jeunes ont \u00e9t\u00e9&nbsp; au programme parmi de nombreuses d\u00e9couvertes. Premi\u00e8re veill\u00e9e,&nbsp; contes et histoire du parc dans une grange \u00e0 la lueur des bougies pour les Cp, Ce1, balade cont\u00e9e pour les Cm1. Promenade dans le parc la nuit pour les Ce2 et Cm2.&nbsp; Des sensations et des rencontres nocturnes, visiteurs privil\u00e9gi\u00e9s. 21h30, tout le monde au lit, bien fatigu\u00e9s mais la t\u00eate pleine de merveilleux souvenirs. Troisi\u00e8me journ\u00e9e \u00e0 l&rsquo;\u00e9cole de la nature. Les enfants sont bien fatigu\u00e9s mais toujours autant \u00e9blouis par tout ce qu&rsquo;ils d\u00e9couvrent. Les animaux et la nature ont beaucoup \u00e0 nous apprendre!&nbsp; Nous avons du travail pour prendre soin de notre plan\u00e8te et de&nbsp;ses habitants.<\/p>\n","protected":false},"author":10,"featured_media":0,"parent":0,"menu_order":0,"comment_status":"closed","ping_status":"closed","template":"","meta":{"ngg_post_thumbnail":0,"footnotes":""},"_links":{"self":[{"href":"https:\/\/stjoseph-lamadeleine-guerande.fr\/index.php?rest_route=\/wp\/v2\/pages\/22913"}],"collection":[{"href":"https:\/\/stjoseph-lamadeleine-guerande.fr\/index.php?rest_route=\/wp\/v2\/pages"}],"about":[{"href":"https:\/\/stjoseph-lamadeleine-guerande.fr\/index.php?rest_route=\/wp\/v2\/types\/page"}],"author":[{"embeddable":true,"href":"https:\/\/stjoseph-lamadeleine-guerande.fr\/index.php?rest_route=\/wp\/v2\/users\/10"}],"replies":[{"embeddable":true,"href":"https:\/\/stjoseph-lamadeleine-guerande.fr\/index.php?rest_route=%2Fwp%2Fv2%2Fcomments&post=22913"}],"version-history":[{"count":3,"href":"https:\/\/stjoseph-lamadeleine-guerande.fr\/index.php?rest_route=\/wp\/v2\/pages\/22913\/revisions"}],"predecessor-version":[{"id":23015,"href":"https:\/\/stjoseph-lamadeleine-guerande.fr\/index.php?rest_route=\/wp\/v2\/pages\/22913\/revisions\/23015"}],"wp:attachment":[{"href":"https:\/\/stjoseph-lamadeleine-guerande.fr\/index.php?rest_route=%2Fwp%2Fv2%2Fmedia&parent=22913"}],"curies":[{"name":"wp","href":"https:\/\/api.w.org\/{rel}","templated":true}]}}