{"id":2,"date":"2017-03-24T17:46:23","date_gmt":"2017-03-24T16:46:23","guid":{"rendered":"https:\/\/stjoseph-lamadeleine-guerande.fr\/?page_id=2"},"modified":"2026-04-10T17:15:53","modified_gmt":"2026-04-10T16:15:53","slug":"page-d-exemple","status":"publish","type":"page","link":"https:\/\/stjoseph-lamadeleine-guerande.fr\/","title":{"rendered":""},"content":{"rendered":"\t\t<div data-elementor-type=\"wp-page\" data-elementor-id=\"2\" class=\"elementor elementor-2\">\n\t\t\t\t\t\t<section class=\"elementor-section elementor-top-section elementor-element elementor-element-60d96352 elementor-section-boxed elementor-section-height-default elementor-section-height-default wpr-particle-no wpr-jarallax-no wpr-parallax-no wpr-sticky-section-no wpr-equal-height-no\" data-id=\"60d96352\" data-element_type=\"section\">\n\t\t\t\t\t\t<div class=\"elementor-container elementor-column-gap-default\">\n\t\t\t\t\t<div class=\"elementor-column elementor-col-100 elementor-top-column elementor-element elementor-element-49c0ea4a\" data-id=\"49c0ea4a\" data-element_type=\"column\">\n\t\t\t<div class=\"elementor-widget-wrap\">\n\t\t\t\t\t\t\t<\/div>\n\t\t<\/div>\n\t\t\t\t\t<\/div>\n\t\t<\/section>\n\t\t\t\t<section class=\"elementor-section elementor-top-section elementor-element elementor-element-5072871 elementor-section-boxed elementor-section-height-default elementor-section-height-default wpr-particle-no wpr-jarallax-no wpr-parallax-no wpr-sticky-section-no wpr-equal-height-no\" data-id=\"5072871\" data-element_type=\"section\">\n\t\t\t\t\t\t<div class=\"elementor-container elementor-column-gap-default\">\n\t\t\t\t\t<div class=\"elementor-column elementor-col-33 elementor-top-column elementor-element elementor-element-210f305\" data-id=\"210f305\" data-element_type=\"column\">\n\t\t\t<div class=\"elementor-widget-wrap elementor-element-populated\">\n\t\t\t\t\t\t<div class=\"elementor-element elementor-element-a594b18 elementor-widget__width-initial elementor-widget elementor-widget-text-editor\" data-id=\"a594b18\" data-element_type=\"widget\" data-widget_type=\"text-editor.default\">\n\t\t\t\t<div class=\"elementor-widget-container\">\n\t\t\t\t\t\t\t\t\t<div><p><img fetchpriority=\"high\" decoding=\"async\" class=\"alignnone size-large wp-image-30996\" src=\"http:\/\/stjoseph-lamadeleine-guerande.fr\/wp-content\/uploads\/2025\/04\/ecole-1024x765.jpg\" alt=\"\" width=\"1024\" height=\"765\" srcset=\"https:\/\/stjoseph-lamadeleine-guerande.fr\/wp-content\/uploads\/2025\/04\/ecole-1024x765.jpg 1024w, https:\/\/stjoseph-lamadeleine-guerande.fr\/wp-content\/uploads\/2025\/04\/ecole-300x224.jpg 300w, https:\/\/stjoseph-lamadeleine-guerande.fr\/wp-content\/uploads\/2025\/04\/ecole-768x574.jpg 768w, https:\/\/stjoseph-lamadeleine-guerande.fr\/wp-content\/uploads\/2025\/04\/ecole-1536x1147.jpg 1536w, https:\/\/stjoseph-lamadeleine-guerande.fr\/wp-content\/uploads\/2025\/04\/ecole-2048x1530.jpg 2048w, https:\/\/stjoseph-lamadeleine-guerande.fr\/wp-content\/uploads\/2025\/04\/ecole-1446x1080.jpg 1446w\" sizes=\"(max-width: 1024px) 100vw, 1024px\" \/><\/p><div><p data-start=\"122\" data-end=\"329\"><img decoding=\"async\" class=\"alignnone wp-image-32696 size-medium\" src=\"http:\/\/stjoseph-lamadeleine-guerande.fr\/wp-content\/uploads\/2026\/04\/bonnes-v-300x200.jpg\" alt=\"\" width=\"300\" height=\"200\" srcset=\"https:\/\/stjoseph-lamadeleine-guerande.fr\/wp-content\/uploads\/2026\/04\/bonnes-v-300x200.jpg 300w, https:\/\/stjoseph-lamadeleine-guerande.fr\/wp-content\/uploads\/2026\/04\/bonnes-v.jpg 600w\" sizes=\"(max-width: 300px) 100vw, 300px\" \/><\/p><p data-start=\"122\" data-end=\"329\">Toute l\u2019\u00e9quipe de l\u2019\u00e9cole vous souhaite de tr\u00e8s bonnes vacances, pleines de sourires, de d\u00e9tente et de pr\u00e9cieux moments avec vos enfants et vos familles<\/p><p data-start=\"331\" data-end=\"526\">Une bonne nouvelle pour l&rsquo;\u00e9cole, nou souvrisons une huiti\u00e8me classe \u00e0 la rentr\u00e9e de septembre.\u00a0 cela permet d&rsquo;avoir des effectifs moins charg\u00e9s. Il reste donc de la place en petite section.\u00a0 Si vous avez ou connaissez des enfants n\u00e9s en 2023, n&rsquo;h\u00e9sitez pas \u00e0 transmettre l&rsquo;information et nous contacter.\u00a0<\/p><p data-start=\"528\" data-end=\"775\">Avec le retour des beaux jours que nous esp\u00e9rons ensoleill\u00e9s \u2600\ufe0f, nos <strong data-start=\"600\" data-end=\"629\">s\u00e9ances d\u2019\u00e9cole du dehors<\/strong> ont repris avec enthousiasme ! Observer, \u00e9crire, exp\u00e9rimenter et apprendre au contact de la nature font \u00e0 nouveau partie de notre quotidien. Plusieurs articles en ligne pour d\u00e9couvrir ses s\u00e9ances dans l&rsquo;herbe!<\/p><p data-start=\"884\" data-end=\"920\">Belles vacances et rendez-vous le 27\u00a0 avril<\/p><p><img decoding=\"async\" class=\"bg-token-main-surface-tertiary m-0 h-full w-full object-cover\" src=\"https:\/\/ekladata.com\/r50VyqW4YQF1Nqavc7ALyCBoLcc.jpg\" alt=\"https:\/\/ekladata.com\/r50VyqW4YQF1Nqavc7ALyCBoLcc.jpg\" \/><\/p><ul><li><strong>Matin\u00e9e travaux; prochaine le 13 juin\u00a0<\/strong> <strong><a href=\"https:\/\/forms.office.com\/Pages\/ResponsePage.aspx?id=Y3X-xS4ZgEqNSDqOyeQlMNTFVnFFFVBGk9ilWogLsk5UNDM0TEY1TEZGWUpaTVRaSkhPNUZSUVVEUC4u\">Inscription matin\u00e9es travaux<\/a><\/strong><\/li><\/ul><p><strong>Il est encore temps de prendre rendez-vous pour les inscriptions pour la rentr\u00e9e de septembre.Il reste de la place dans certains niveaux.\u00a0 Si\u00a0 vous souhaitez visiter l&rsquo;\u00e9cole et demander un dossier, merci de nous contacter. 0607724063<br \/><img decoding=\"async\" class=\"alignnone size-medium wp-image-32244\" src=\"http:\/\/stjoseph-lamadeleine-guerande.fr\/wp-content\/uploads\/2025\/11\/inscription-300x193.jpg\" alt=\"\" width=\"300\" height=\"193\" srcset=\"https:\/\/stjoseph-lamadeleine-guerande.fr\/wp-content\/uploads\/2025\/11\/inscription-300x193.jpg 300w, https:\/\/stjoseph-lamadeleine-guerande.fr\/wp-content\/uploads\/2025\/11\/inscription-768x494.jpg 768w, https:\/\/stjoseph-lamadeleine-guerande.fr\/wp-content\/uploads\/2025\/11\/inscription.jpg 1024w\" sizes=\"(max-width: 300px) 100vw, 300px\" \/><br \/>Voici le troisi\u00e8me \u00ab\u00a0A vos agendas\u00a0\u00bb , pensez \u00e0 noter les dates qui vous concernent d\u00e8s aujourd&rsquo;hui. A la rentr\u00e9e le n\u00b0 5\u00a0 vous sera envoy\u00e9.<\/strong><\/p><p><strong><a href=\"http:\/\/stjoseph-lamadeleine-guerande.fr\/wp-content\/uploads\/2026\/04\/A-vos-agendas-n\u00b04.pdf\">A vos agendas n\u00b04<\/a><br \/><\/strong>Notre \u00e9cole est une \u00e9cole vivante, dynamique et o\u00f9 chacun peut progresser, s\u2019\u00e9panouir, grandir\u00a0 et prendre plaisir \u00e0 apprendre.\u00a0<\/p><ul><li>Les documents pour le r\u00e8glement, les r\u00e9tributions et tout l&rsquo;administratif sont dans l&rsquo;onglet document utile.\u00a0 Explications ici:<a href=\"http:\/\/stjoseph-lamadeleine-guerande.fr\/wp-content\/uploads\/2025\/07\/circulaire-de-rentree-2025-1.pdf\">Circulaire de rentr\u00e9e 2025<\/a><\/li><\/ul><\/div><\/div><p>Tous les documents pour la vie des classes et la rentr\u00e9e trouvent sur ce blog\u00a0 sous l&rsquo;onglet Infos pratiques\/documents utiles<\/p><p><strong>\u00a0<\/strong><\/p>\t\t\t\t\t\t\t\t<\/div>\n\t\t\t\t<\/div>\n\t\t\t\t\t<\/div>\n\t\t<\/div>\n\t\t\t\t<div class=\"elementor-column elementor-col-33 elementor-top-column elementor-element elementor-element-51e6b63\" data-id=\"51e6b63\" data-element_type=\"column\">\n\t\t\t<div class=\"elementor-widget-wrap elementor-element-populated\">\n\t\t\t\t\t\t<div class=\"elementor-element elementor-element-85dd611 elementor-widget elementor-widget-image\" data-id=\"85dd611\" data-element_type=\"widget\" data-widget_type=\"image.default\">\n\t\t\t\t<div class=\"elementor-widget-container\">\n\t\t\t\t\t\t\t\t\t\t\t\t\t\t\t<img loading=\"lazy\" decoding=\"async\" width=\"724\" height=\"1024\" src=\"https:\/\/stjoseph-lamadeleine-guerande.fr\/wp-content\/uploads\/2024\/11\/Affiche-inscription-724x1024.jpg\" class=\"attachment-large size-large wp-image-29757\" alt=\"\" srcset=\"https:\/\/stjoseph-lamadeleine-guerande.fr\/wp-content\/uploads\/2024\/11\/Affiche-inscription-724x1024.jpg 724w, https:\/\/stjoseph-lamadeleine-guerande.fr\/wp-content\/uploads\/2024\/11\/Affiche-inscription-212x300.jpg 212w, https:\/\/stjoseph-lamadeleine-guerande.fr\/wp-content\/uploads\/2024\/11\/Affiche-inscription-768x1086.jpg 768w, https:\/\/stjoseph-lamadeleine-guerande.fr\/wp-content\/uploads\/2024\/11\/Affiche-inscription-1086x1536.jpg 1086w, https:\/\/stjoseph-lamadeleine-guerande.fr\/wp-content\/uploads\/2024\/11\/Affiche-inscription-1024x1448.jpg 1024w, https:\/\/stjoseph-lamadeleine-guerande.fr\/wp-content\/uploads\/2024\/11\/Affiche-inscription-764x1080.jpg 764w, https:\/\/stjoseph-lamadeleine-guerande.fr\/wp-content\/uploads\/2024\/11\/Affiche-inscription.jpg 1414w\" sizes=\"(max-width: 724px) 100vw, 724px\" \/>\t\t\t\t\t\t\t\t\t\t\t\t\t\t\t<\/div>\n\t\t\t\t<\/div>\n\t\t\t\t<div class=\"elementor-element elementor-element-6190d42 elementor-widget elementor-widget-text-editor\" data-id=\"6190d42\" data-element_type=\"widget\" data-widget_type=\"text-editor.default\">\n\t\t\t\t<div class=\"elementor-widget-container\">\n\t\t\t\t\t\t\t\t\t<h4>Cliquer sur le lien pour une visite virtuelle<br \/><a href=\"https:\/\/my.matterport.com\/show\/?m=BekStb7bWVp\">https:\/\/my.matterport.com\/show\/?m=BekStb7bWVp<\/a><\/h4>\t\t\t\t\t\t\t\t<\/div>\n\t\t\t\t<\/div>\n\t\t\t\t\t<\/div>\n\t\t<\/div>\n\t\t\t\t<div class=\"elementor-column elementor-col-33 elementor-top-column elementor-element elementor-element-7830c97\" data-id=\"7830c97\" data-element_type=\"column\">\n\t\t\t<div class=\"elementor-widget-wrap elementor-element-populated\">\n\t\t\t\t\t\t<div class=\"elementor-element elementor-element-a3d56b3 elementor-widget elementor-widget-text-editor\" data-id=\"a3d56b3\" data-element_type=\"widget\" data-widget_type=\"text-editor.default\">\n\t\t\t\t<div class=\"elementor-widget-container\">\n\t\t\t\t\t\t\t\t\t<h4><a href=\"http:\/\/stjoseph-lamadeleine-guerande.fr\/wp-content\/uploads\/2014\/03\/logo-\u00e9cole-3.jpg\"><img loading=\"lazy\" decoding=\"async\" class=\"size-medium wp-image-948 aligncenter\" src=\"http:\/\/stjoseph-lamadeleine-guerande.fr\/wp-content\/uploads\/2014\/03\/logo-\u00e9cole-3-256x300.jpg\" alt=\"\" width=\"256\" height=\"300\" srcset=\"https:\/\/stjoseph-lamadeleine-guerande.fr\/wp-content\/uploads\/2014\/03\/logo-\u00e9cole-3-256x300.jpg 256w, https:\/\/stjoseph-lamadeleine-guerande.fr\/wp-content\/uploads\/2014\/03\/logo-\u00e9cole-3.jpg 485w\" sizes=\"(max-width: 256px) 100vw, 256px\" \/><\/a>Pour contacter l&rsquo;\u00e9cole:<\/h4><p>0607724063\/ 0240619361 ou par mail<\/p><p>contact@ecole-stjoseph.fr<\/p><h4>Nous souhaitons une \u00e9cole o\u00f9 le plaisir d&rsquo;apprendre et l&rsquo;\u00e9panouissement personnel sont importants.<br \/>Une \u00e9cole ouverte sur le monde et sur la nature. <br \/><strong>La p\u00e9dagogie de l&rsquo;\u00e9cole du dehors<\/strong> fait pleinement partie du projet de l&rsquo;\u00e9cole.<br \/>Une \u00e9cole qui d\u00e9veloppe les rencontres entre pairs par un travail dans la confiance entre parents, \u00e9l\u00e8ves et \u00e9quipe \u00e9ducative.<\/h4>\t\t\t\t\t\t\t\t<\/div>\n\t\t\t\t<\/div>\n\t\t\t\t\t<\/div>\n\t\t<\/div>\n\t\t\t\t\t<\/div>\n\t\t<\/section>\n\t\t\t\t<section class=\"elementor-section elementor-top-section elementor-element elementor-element-ee994b1 elementor-section-boxed elementor-section-height-default elementor-section-height-default wpr-particle-no wpr-jarallax-no wpr-parallax-no wpr-sticky-section-no wpr-equal-height-no\" data-id=\"ee994b1\" data-element_type=\"section\">\n\t\t\t\t\t\t<div class=\"elementor-container elementor-column-gap-default\">\n\t\t\t\t\t<div class=\"elementor-column elementor-col-100 elementor-top-column elementor-element elementor-element-5389c5f\" data-id=\"5389c5f\" data-element_type=\"column\">\n\t\t\t<div class=\"elementor-widget-wrap elementor-element-populated\">\n\t\t\t\t\t\t<div class=\"elementor-element elementor-element-92b26a5 wpr-grid-columns-3 wpr-grid-columns--tablet2 wpr-grid-columns--mobile1 wpr-grid-pagination-center wpr-item-styles-inner elementor-widget elementor-widget-wpr-grid\" data-id=\"92b26a5\" data-element_type=\"widget\" data-widget_type=\"wpr-grid.default\">\n\t\t\t\t<div class=\"elementor-widget-container\">\n\t\t\t\t\t<ul class=\"wpr-grid-filters elementor-clearfix wpr-grid-filters-sep-right\"><li class=\" wpr-pointer-none wpr-pointer-line-fx wpr-pointer-fx-none\"><span  data-filter=\"*\" class=\"wpr-grid-filters-item wpr-active-filter \">All Post<\/span><em class=\"wpr-grid-filters-sep\"><\/em><\/li><li data-role=\"parent\" class=\" wpr-pointer-none wpr-pointer-line-fx wpr-pointer-fx-none\"><span   data-ajax-filter=[\"category\",\"cycle-3\"]  data-filter=\".category-cycle-3\">Cycle 3<\/span><em class=\"wpr-grid-filters-sep\"><\/em><\/li><li data-role=\"parent\" class=\" wpr-pointer-none wpr-pointer-line-fx wpr-pointer-fx-none\"><span   data-ajax-filter=[\"category\",\"cycle-2\"]  data-filter=\".category-cycle-2\">Cycle 2<\/span><em class=\"wpr-grid-filters-sep\"><\/em><\/li><li data-role=\"parent\" class=\" wpr-pointer-none wpr-pointer-line-fx wpr-pointer-fx-none\"><span   data-ajax-filter=[\"category\",\"cycle-1\"]  data-filter=\".category-cycle-1\">Cycle 1<\/span><em class=\"wpr-grid-filters-sep\"><\/em><\/li><li class=\" wpr-pointer-none wpr-pointer-line-fx wpr-pointer-fx-none\"><span   data-ajax-filter=[\"category\",\"vie-decole\"]  data-filter=\".category-vie-decole\">Vie d&#039;\u00e9cole<\/span><em class=\"wpr-grid-filters-sep\"><\/em><\/li><\/ul><section class=\"wpr-grid elementor-clearfix\" data-settings=\"{&quot;layout&quot;:&quot;list&quot;,&quot;stick_last_element_to_bottom&quot;:&quot;no&quot;,&quot;columns_desktop&quot;:3,&quot;gutter_hr&quot;:15,&quot;gutter_hr_mobile&quot;:15,&quot;gutter_hr_mobile_extra&quot;:15,&quot;gutter_hr_tablet&quot;:15,&quot;gutter_hr_tablet_extra&quot;:15,&quot;gutter_hr_laptop&quot;:15,&quot;gutter_hr_widescreen&quot;:15,&quot;gutter_vr&quot;:15,&quot;gutter_vr_mobile&quot;:15,&quot;gutter_vr_mobile_extra&quot;:15,&quot;gutter_vr_tablet&quot;:15,&quot;gutter_vr_tablet_extra&quot;:15,&quot;gutter_vr_laptop&quot;:15,&quot;gutter_vr_widescreen&quot;:15,&quot;animation&quot;:&quot;default&quot;,&quot;animation_duration&quot;:0.3,&quot;animation_delay&quot;:0.1,&quot;deeplinking&quot;:&quot;&quot;,&quot;filters_linkable&quot;:&quot;no&quot;,&quot;filters_default_filter&quot;:&quot;&quot;,&quot;filters_count&quot;:&quot;&quot;,&quot;filters_hide_empty&quot;:&quot;no&quot;,&quot;filters_animation&quot;:&quot;default&quot;,&quot;filters_animation_duration&quot;:0.3,&quot;filters_animation_delay&quot;:0.1,&quot;pagination_type&quot;:&quot;load-more&quot;,&quot;pagination_max_pages&quot;:126,&quot;media_align&quot;:&quot;left&quot;,&quot;media_width&quot;:30,&quot;media_distance&quot;:20,&quot;lightbox&quot;:{&quot;selector&quot;:&quot;.wpr-grid-image-wrap&quot;,&quot;iframeMaxWidth&quot;:&quot;60%&quot;,&quot;hash&quot;:false,&quot;autoplay&quot;:&quot;true&quot;,&quot;pause&quot;:5000,&quot;progressBar&quot;:&quot;true&quot;,&quot;counter&quot;:&quot;true&quot;,&quot;controls&quot;:&quot;true&quot;,&quot;getCaptionFromTitleOrAlt&quot;:&quot;true&quot;,&quot;thumbnail&quot;:&quot;&quot;,&quot;showThumbByDefault&quot;:&quot;&quot;,&quot;share&quot;:&quot;&quot;,&quot;zoom&quot;:&quot;true&quot;,&quot;fullScreen&quot;:&quot;true&quot;,&quot;download&quot;:&quot;true&quot;}}\" data-advanced-filters=\"no\"><article class=\"wpr-grid-item elementor-clearfix post-32777 post type-post status-publish format-standard has-post-thumbnail hentry category-ce1ce2 category-cycle-2\"><div class=\"wpr-grid-item-inner\"><div class=\"wpr-grid-media-wrap wpr-effect-size-medium \" data-overlay-link=\"yes\"><div class=\"wpr-grid-image-wrap\" data-src=\"https:\/\/stjoseph-lamadeleine-guerande.fr\/wp-content\/uploads\/2026\/04\/IMG_6979.heic\" data-img-on-hover=\"\"  data-src-secondary=\"\"><img decoding=\"async\" data-no-lazy=\"1\" src=\"https:\/\/stjoseph-lamadeleine-guerande.fr\/wp-content\/uploads\/2026\/04\/IMG_6979.heic\" alt=\"Musique avec Marine\" class=\"wpr-anim-timing-ease-default\"><\/div><div class=\"wpr-grid-media-hover wpr-animation-wrap\"><div class=\"wpr-grid-media-hover-bg  wpr-overlay-fade-in wpr-anim-size-large wpr-anim-timing-ease-default wpr-anim-transparency\" data-url=\"https:\/\/stjoseph-lamadeleine-guerande.fr\/?p=32777\"><\/div><\/div><\/div><div class=\"wpr-grid-item-below-content elementor-clearfix\"><h2 class=\"wpr-grid-item-title elementor-repeater-item-763861c wpr-grid-item-display-block wpr-grid-item-align-left wpr-pointer-none wpr-pointer-line-fx wpr-pointer-fx-fade\"><div class=\"inner-block\"><a target=\"_self\"  href=\"https:\/\/stjoseph-lamadeleine-guerande.fr\/?p=32777\">Musique avec Marine<\/a><\/div><\/h2><div class=\"wpr-grid-item-date elementor-repeater-item-1031f0c wpr-grid-item-display-inline wpr-grid-item-align-left\"><div class=\"inner-block\"><span>23 avril 2026<span class=\"wpr-grid-extra-text-right\">\/<\/span><\/span><\/div><\/div><div class=\"wpr-grid-item-excerpt elementor-repeater-item-caa4c92 wpr-grid-item-display-block wpr-grid-item-align-left\"><div class=\"inner-block\"><p>De septembre 2025 \u00e0 f\u00e9vrier 2026, nous avons profit\u00e9 de s\u00e9ances de musique avec Marine....<\/p><\/div><\/div><div class=\"wpr-grid-item-read-more elementor-repeater-item-1a3a88d wpr-grid-item-display-block wpr-grid-item-align-left\"><div class=\"inner-block\"><a target=\"_self\" href=\"https:\/\/stjoseph-lamadeleine-guerande.fr\/?p=32777\" class=\"wpr-button-effect wpr-button-none\"><span>Lire plus...<\/span><\/a><\/div><\/div><\/div><\/div><\/article><article class=\"wpr-grid-item elementor-clearfix post-32733 post type-post status-publish format-standard has-post-thumbnail hentry category-ce1ce2 category-ce2-cm1 category-cycle-2 category-cycle-3\"><div class=\"wpr-grid-item-inner\"><div class=\"wpr-grid-media-wrap wpr-effect-size-medium \" data-overlay-link=\"yes\"><div class=\"wpr-grid-image-wrap\" data-src=\"https:\/\/stjoseph-lamadeleine-guerande.fr\/wp-content\/uploads\/2026\/04\/IMG-20260330-WA0023.jpg\" data-img-on-hover=\"\"  data-src-secondary=\"\"><img decoding=\"async\" data-no-lazy=\"1\" src=\"https:\/\/stjoseph-lamadeleine-guerande.fr\/wp-content\/uploads\/2026\/04\/IMG-20260330-WA0023.jpg\" alt=\"Acrosport\" class=\"wpr-anim-timing-ease-default\"><\/div><div class=\"wpr-grid-media-hover wpr-animation-wrap\"><div class=\"wpr-grid-media-hover-bg  wpr-overlay-fade-in wpr-anim-size-large wpr-anim-timing-ease-default wpr-anim-transparency\" data-url=\"https:\/\/stjoseph-lamadeleine-guerande.fr\/?p=32733\"><\/div><\/div><\/div><div class=\"wpr-grid-item-below-content elementor-clearfix\"><h2 class=\"wpr-grid-item-title elementor-repeater-item-763861c wpr-grid-item-display-block wpr-grid-item-align-left wpr-pointer-none wpr-pointer-line-fx wpr-pointer-fx-fade\"><div class=\"inner-block\"><a target=\"_self\"  href=\"https:\/\/stjoseph-lamadeleine-guerande.fr\/?p=32733\">Acrosport<\/a><\/div><\/h2><div class=\"wpr-grid-item-date elementor-repeater-item-1031f0c wpr-grid-item-display-inline wpr-grid-item-align-left\"><div class=\"inner-block\"><span>23 avril 2026<span class=\"wpr-grid-extra-text-right\">\/<\/span><\/span><\/div><\/div><div class=\"wpr-grid-item-excerpt elementor-repeater-item-caa4c92 wpr-grid-item-display-block wpr-grid-item-align-left\"><div class=\"inner-block\"><p>Sur la 4\u00e8me p\u00e9riode, les classes de CE1-Ce2 et CE2-CM1 ont fait un cycle Acrosport....<\/p><\/div><\/div><div class=\"wpr-grid-item-read-more elementor-repeater-item-1a3a88d wpr-grid-item-display-block wpr-grid-item-align-left\"><div class=\"inner-block\"><a target=\"_self\" href=\"https:\/\/stjoseph-lamadeleine-guerande.fr\/?p=32733\" class=\"wpr-button-effect wpr-button-none\"><span>Lire plus...<\/span><\/a><\/div><\/div><\/div><\/div><\/article><article class=\"wpr-grid-item elementor-clearfix post-32702 post type-post status-publish format-standard has-post-thumbnail hentry category-ce1ce2 category-cpce1 category-cycle-2\"><div class=\"wpr-grid-item-inner\"><div class=\"wpr-grid-media-wrap wpr-effect-size-medium \" data-overlay-link=\"yes\"><div class=\"wpr-grid-image-wrap\" data-src=\"https:\/\/stjoseph-lamadeleine-guerande.fr\/wp-content\/uploads\/2026\/04\/IMG20260409103254-scaled.jpg\" data-img-on-hover=\"\"  data-src-secondary=\"\"><img decoding=\"async\" data-no-lazy=\"1\" src=\"https:\/\/stjoseph-lamadeleine-guerande.fr\/wp-content\/uploads\/2026\/04\/IMG20260409103254-scaled.jpg\" alt=\"Journ\u00e9e sportive\" class=\"wpr-anim-timing-ease-default\"><\/div><div class=\"wpr-grid-media-hover wpr-animation-wrap\"><div class=\"wpr-grid-media-hover-bg  wpr-overlay-fade-in wpr-anim-size-large wpr-anim-timing-ease-default wpr-anim-transparency\" data-url=\"https:\/\/stjoseph-lamadeleine-guerande.fr\/?p=32702\"><\/div><\/div><\/div><div class=\"wpr-grid-item-below-content elementor-clearfix\"><h2 class=\"wpr-grid-item-title elementor-repeater-item-763861c wpr-grid-item-display-block wpr-grid-item-align-left wpr-pointer-none wpr-pointer-line-fx wpr-pointer-fx-fade\"><div class=\"inner-block\"><a target=\"_self\"  href=\"https:\/\/stjoseph-lamadeleine-guerande.fr\/?p=32702\">Journ\u00e9e sportive<\/a><\/div><\/h2><div class=\"wpr-grid-item-date elementor-repeater-item-1031f0c wpr-grid-item-display-inline wpr-grid-item-align-left\"><div class=\"inner-block\"><span>23 avril 2026<span class=\"wpr-grid-extra-text-right\">\/<\/span><\/span><\/div><\/div><div class=\"wpr-grid-item-excerpt elementor-repeater-item-caa4c92 wpr-grid-item-display-block wpr-grid-item-align-left\"><div class=\"inner-block\"><p>Jeudi 9 avril, nous avons profit\u00e9 d&rsquo;une journ\u00e9e sportive organis\u00e9e par l&rsquo;UGSEL. Nous nous sommes...<\/p><\/div><\/div><div class=\"wpr-grid-item-read-more elementor-repeater-item-1a3a88d wpr-grid-item-display-block wpr-grid-item-align-left\"><div class=\"inner-block\"><a target=\"_self\" href=\"https:\/\/stjoseph-lamadeleine-guerande.fr\/?p=32702\" class=\"wpr-button-effect wpr-button-none\"><span>Lire plus...<\/span><\/a><\/div><\/div><\/div><\/div><\/article><article class=\"wpr-grid-item elementor-clearfix post-32615 post type-post status-publish format-standard has-post-thumbnail hentry category-ce1ce2 category-ce2-cm1 category-cm1-cm2 category-vie-decole\"><div class=\"wpr-grid-item-inner\"><div class=\"wpr-grid-media-wrap wpr-effect-size-medium \" data-overlay-link=\"yes\"><div class=\"wpr-grid-image-wrap\" data-src=\"https:\/\/stjoseph-lamadeleine-guerande.fr\/wp-content\/uploads\/2026\/04\/IMG-20260409-WA0031.jpg\" data-img-on-hover=\"\"  data-src-secondary=\"\"><img decoding=\"async\" data-no-lazy=\"1\" src=\"https:\/\/stjoseph-lamadeleine-guerande.fr\/wp-content\/uploads\/2026\/04\/IMG-20260409-WA0031.jpg\" alt=\"Une journ\u00e9e \u00e9cole du dehors \u00e0 Gu\u00e9rande\" class=\"wpr-anim-timing-ease-default\"><\/div><div class=\"wpr-grid-media-hover wpr-animation-wrap\"><div class=\"wpr-grid-media-hover-bg  wpr-overlay-fade-in wpr-anim-size-large wpr-anim-timing-ease-default wpr-anim-transparency\" data-url=\"https:\/\/stjoseph-lamadeleine-guerande.fr\/?p=32615\"><\/div><\/div><\/div><div class=\"wpr-grid-item-below-content elementor-clearfix\"><h2 class=\"wpr-grid-item-title elementor-repeater-item-763861c wpr-grid-item-display-block wpr-grid-item-align-left wpr-pointer-none wpr-pointer-line-fx wpr-pointer-fx-fade\"><div class=\"inner-block\"><a target=\"_self\"  href=\"https:\/\/stjoseph-lamadeleine-guerande.fr\/?p=32615\">Une journ\u00e9e \u00e9cole du dehors \u00e0 Gu\u00e9rande<\/a><\/div><\/h2><div class=\"wpr-grid-item-date elementor-repeater-item-1031f0c wpr-grid-item-display-inline wpr-grid-item-align-left\"><div class=\"inner-block\"><span>9 avril 2026<span class=\"wpr-grid-extra-text-right\">\/<\/span><\/span><\/div><\/div><div class=\"wpr-grid-item-excerpt elementor-repeater-item-caa4c92 wpr-grid-item-display-block wpr-grid-item-align-left\"><div class=\"inner-block\"><p>Jeudi 9&nbsp; avril, les \u00e9l\u00e8ves du ce2 au cm2 ont tous enfourch\u00e9 leur v\u00e9lo pour...<\/p><\/div><\/div><div class=\"wpr-grid-item-read-more elementor-repeater-item-1a3a88d wpr-grid-item-display-block wpr-grid-item-align-left\"><div class=\"inner-block\"><a target=\"_self\" href=\"https:\/\/stjoseph-lamadeleine-guerande.fr\/?p=32615\" class=\"wpr-button-effect wpr-button-none\"><span>Lire plus...<\/span><\/a><\/div><\/div><\/div><\/div><\/article><article class=\"wpr-grid-item elementor-clearfix post-32547 post type-post status-publish format-standard has-post-thumbnail hentry category-cycle-2 category-cycle-3 category-vie-decole\"><div class=\"wpr-grid-item-inner\"><div class=\"wpr-grid-media-wrap wpr-effect-size-medium \" data-overlay-link=\"yes\"><div class=\"wpr-grid-image-wrap\" data-src=\"https:\/\/stjoseph-lamadeleine-guerande.fr\/wp-content\/uploads\/2026\/03\/20260331_121247-scaled.jpg\" data-img-on-hover=\"\"  data-src-secondary=\"\"><img decoding=\"async\" data-no-lazy=\"1\" src=\"https:\/\/stjoseph-lamadeleine-guerande.fr\/wp-content\/uploads\/2026\/03\/20260331_121247-scaled.jpg\" alt=\"Embarquement sur les paquebots de St Nazaire\" class=\"wpr-anim-timing-ease-default\"><\/div><div class=\"wpr-grid-media-hover wpr-animation-wrap\"><div class=\"wpr-grid-media-hover-bg  wpr-overlay-fade-in wpr-anim-size-large wpr-anim-timing-ease-default wpr-anim-transparency\" data-url=\"https:\/\/stjoseph-lamadeleine-guerande.fr\/?p=32547\"><\/div><\/div><\/div><div class=\"wpr-grid-item-below-content elementor-clearfix\"><h2 class=\"wpr-grid-item-title elementor-repeater-item-763861c wpr-grid-item-display-block wpr-grid-item-align-left wpr-pointer-none wpr-pointer-line-fx wpr-pointer-fx-fade\"><div class=\"inner-block\"><a target=\"_self\"  href=\"https:\/\/stjoseph-lamadeleine-guerande.fr\/?p=32547\">Embarquement sur les paquebots de St Nazaire<\/a><\/div><\/h2><div class=\"wpr-grid-item-date elementor-repeater-item-1031f0c wpr-grid-item-display-inline wpr-grid-item-align-left\"><div class=\"inner-block\"><span>31 mars 2026<span class=\"wpr-grid-extra-text-right\">\/<\/span><\/span><\/div><\/div><div class=\"wpr-grid-item-excerpt elementor-repeater-item-caa4c92 wpr-grid-item-display-block wpr-grid-item-align-left\"><div class=\"inner-block\"><p>Mardi 31&nbsp; mars, les \u00e9l\u00e8ves du CP au CM2 sont partis d\u00e9couvrir St Nazaire, les...<\/p><\/div><\/div><div class=\"wpr-grid-item-read-more elementor-repeater-item-1a3a88d wpr-grid-item-display-block wpr-grid-item-align-left\"><div class=\"inner-block\"><a target=\"_self\" href=\"https:\/\/stjoseph-lamadeleine-guerande.fr\/?p=32547\" class=\"wpr-button-effect wpr-button-none\"><span>Lire plus...<\/span><\/a><\/div><\/div><\/div><\/div><\/article><article class=\"wpr-grid-item elementor-clearfix post-32528 post type-post status-publish format-standard has-post-thumbnail hentry category-cycle-1 category-cycle-2 category-cycle-3 category-vie-decole\"><div class=\"wpr-grid-item-inner\"><div class=\"wpr-grid-media-wrap wpr-effect-size-medium \" data-overlay-link=\"yes\"><div class=\"wpr-grid-image-wrap\" data-src=\"https:\/\/stjoseph-lamadeleine-guerande.fr\/wp-content\/uploads\/2026\/03\/zoom-cheque.jpg\" data-img-on-hover=\"\"  data-src-secondary=\"\"><img decoding=\"async\" data-no-lazy=\"1\" src=\"https:\/\/stjoseph-lamadeleine-guerande.fr\/wp-content\/uploads\/2026\/03\/zoom-cheque.jpg\" alt=\"La course du c\u0153ur pour Marc\" class=\"wpr-anim-timing-ease-default\"><\/div><div class=\"wpr-grid-media-hover wpr-animation-wrap\"><div class=\"wpr-grid-media-hover-bg  wpr-overlay-fade-in wpr-anim-size-large wpr-anim-timing-ease-default wpr-anim-transparency\" data-url=\"https:\/\/stjoseph-lamadeleine-guerande.fr\/?p=32528\"><\/div><\/div><\/div><div class=\"wpr-grid-item-below-content elementor-clearfix\"><h2 class=\"wpr-grid-item-title elementor-repeater-item-763861c wpr-grid-item-display-block wpr-grid-item-align-left wpr-pointer-none wpr-pointer-line-fx wpr-pointer-fx-fade\"><div class=\"inner-block\"><a target=\"_self\"  href=\"https:\/\/stjoseph-lamadeleine-guerande.fr\/?p=32528\">La course du c\u0153ur pour Marc<\/a><\/div><\/h2><div class=\"wpr-grid-item-date elementor-repeater-item-1031f0c wpr-grid-item-display-inline wpr-grid-item-align-left\"><div class=\"inner-block\"><span>30 mars 2026<span class=\"wpr-grid-extra-text-right\">\/<\/span><\/span><\/div><\/div><div class=\"wpr-grid-item-excerpt elementor-repeater-item-caa4c92 wpr-grid-item-display-block wpr-grid-item-align-left\"><div class=\"inner-block\"><p>Lundi 30&nbsp; mars, tous les \u00e9l\u00e8ves de l&rsquo;\u00e9cole se sont retrouv\u00e9s sur le terrain de...<\/p><\/div><\/div><div class=\"wpr-grid-item-read-more elementor-repeater-item-1a3a88d wpr-grid-item-display-block wpr-grid-item-align-left\"><div class=\"inner-block\"><a target=\"_self\" href=\"https:\/\/stjoseph-lamadeleine-guerande.fr\/?p=32528\" class=\"wpr-button-effect wpr-button-none\"><span>Lire plus...<\/span><\/a><\/div><\/div><\/div><\/div><\/article><\/section><div class=\"wpr-grid-pagination elementor-clearfix wpr-grid-pagination-load-more\" data-pages=\"126\"><a href=\"https:\/\/stjoseph-lamadeleine-guerande.fr\/index.php?rest_route=%2Fwp%2Fv2%2Fpages%2F2&#038;paged=2\" class=\"wpr-load-more-btn\" data-e-disable-page-transition >Load More<\/a><div class=\"wpr-pagination-loading\"><div class=\"wpr-double-bounce\"><div class=\"wpr-child wpr-double-bounce1\"><\/div><div class=\"wpr-child wpr-double-bounce2\"><\/div><\/div><\/div><p class=\"wpr-pagination-finish\">End of Content.<\/p><\/div>\t\t\t\t<\/div>\n\t\t\t\t<\/div>\n\t\t\t\t\t<\/div>\n\t\t<\/div>\n\t\t\t\t\t<\/div>\n\t\t<\/section>\n\t\t\t\t<section class=\"elementor-section elementor-top-section elementor-element elementor-element-990ef96 elementor-section-boxed elementor-section-height-default elementor-section-height-default wpr-particle-no wpr-jarallax-no wpr-parallax-no wpr-sticky-section-no wpr-equal-height-no\" data-id=\"990ef96\" data-element_type=\"section\">\n\t\t\t\t\t\t<div class=\"elementor-container elementor-column-gap-default\">\n\t\t\t\t\t<div class=\"elementor-column elementor-col-100 elementor-top-column elementor-element elementor-element-352c2a2\" data-id=\"352c2a2\" data-element_type=\"column\">\n\t\t\t<div class=\"elementor-widget-wrap elementor-element-populated\">\n\t\t\t\t\t\t<div class=\"elementor-element elementor-element-c3b0015 elementor-widget elementor-widget-heading\" data-id=\"c3b0015\" data-element_type=\"widget\" data-widget_type=\"heading.default\">\n\t\t\t\t<div class=\"elementor-widget-container\">\n\t\t\t\t\t<h2 class=\"elementor-heading-title elementor-size-default\">\"On se lasse de tout except\u00e9 d'apprendre\"<\/h2>\t\t\t\t<\/div>\n\t\t\t\t<\/div>\n\t\t\t\t\t<\/div>\n\t\t<\/div>\n\t\t\t\t\t<\/div>\n\t\t<\/section>\n\t\t\t\t<section class=\"elementor-section elementor-top-section elementor-element elementor-element-0b127b3 elementor-section-boxed elementor-section-height-default elementor-section-height-default wpr-particle-no wpr-jarallax-no wpr-parallax-no wpr-sticky-section-no wpr-equal-height-no\" data-id=\"0b127b3\" data-element_type=\"section\">\n\t\t\t\t\t\t<div class=\"elementor-container elementor-column-gap-default\">\n\t\t\t\t\t<div class=\"elementor-column elementor-col-100 elementor-top-column elementor-element elementor-element-babd7fd\" data-id=\"babd7fd\" data-element_type=\"column\">\n\t\t\t<div class=\"elementor-widget-wrap elementor-element-populated\">\n\t\t\t\t\t\t<div class=\"elementor-element elementor-element-7addd2a elementor-widget elementor-widget-text-editor\" data-id=\"7addd2a\" data-element_type=\"widget\" data-widget_type=\"text-editor.default\">\n\t\t\t\t<div class=\"elementor-widget-container\">\n\t\t\t\t\t\t\t\t\t<p>Virgile, 70\u00a0 av JC<\/p>\t\t\t\t\t\t\t\t<\/div>\n\t\t\t\t<\/div>\n\t\t\t\t\t<\/div>\n\t\t<\/div>\n\t\t\t\t\t<\/div>\n\t\t<\/section>\n\t\t\t\t<\/div>\n\t\t","protected":false},"excerpt":{"rendered":"<p>Toute l\u2019\u00e9quipe de l\u2019\u00e9cole vous souhaite de tr\u00e8s bonnes vacances, pleines de sourires, de d\u00e9tente et de pr\u00e9cieux moments avec vos enfants et vos familles Une bonne nouvelle pour l&rsquo;\u00e9cole, nou souvrisons une huiti\u00e8me classe \u00e0 la rentr\u00e9e de septembre.\u00a0 cela permet d&rsquo;avoir des effectifs moins charg\u00e9s. Il reste donc de la place en petite section.\u00a0 Si vous avez ou connaissez des enfants n\u00e9s en 2023, n&rsquo;h\u00e9sitez pas \u00e0 transmettre l&rsquo;information et nous contacter.\u00a0 Avec le retour des beaux jours que nous esp\u00e9rons ensoleill\u00e9s \u2600\ufe0f, nos s\u00e9ances d\u2019\u00e9cole du dehors ont repris avec enthousiasme ! Observer, \u00e9crire, exp\u00e9rimenter et apprendre au contact de la nature font \u00e0 nouveau partie de notre quotidien. Plusieurs articles en ligne pour d\u00e9couvrir ses s\u00e9ances dans l&rsquo;herbe! Belles vacances et rendez-vous le 27\u00a0 avril Matin\u00e9e travaux; prochaine le 13 juin\u00a0 Inscription matin\u00e9es travaux Il est encore temps de prendre rendez-vous pour les inscriptions pour la rentr\u00e9e de septembre.Il reste de la place dans certains niveaux.\u00a0 Si\u00a0 vous souhaitez visiter l&rsquo;\u00e9cole et demander un dossier, merci de nous contacter. 0607724063Voici le troisi\u00e8me \u00ab\u00a0A vos agendas\u00a0\u00bb , pensez \u00e0 noter les dates qui vous concernent d\u00e8s aujourd&rsquo;hui. A la rentr\u00e9e le n\u00b0 5\u00a0 vous sera envoy\u00e9. A vos agendas n\u00b04Notre \u00e9cole est une \u00e9cole vivante, dynamique et o\u00f9 chacun peut progresser, s\u2019\u00e9panouir, grandir\u00a0 et prendre plaisir \u00e0 apprendre.\u00a0 Les documents pour le r\u00e8glement, les r\u00e9tributions et tout l&rsquo;administratif sont dans l&rsquo;onglet document utile.\u00a0 Explications ici:Circulaire de rentr\u00e9e 2025 Tous les documents pour la vie des classes et la rentr\u00e9e trouvent sur ce blog\u00a0 sous l&rsquo;onglet Infos pratiques\/documents utiles \u00a0 Cliquer sur le lien pour une visite virtuellehttps:\/\/my.matterport.com\/show\/?m=BekStb7bWVp Pour contacter l&rsquo;\u00e9cole: 0607724063\/ 0240619361 ou par mail contact@ecole-stjoseph.fr Nous souhaitons une \u00e9cole o\u00f9 le plaisir d&rsquo;apprendre et l&rsquo;\u00e9panouissement personnel sont importants.Une \u00e9cole ouverte sur le monde et sur la nature. La p\u00e9dagogie de l&rsquo;\u00e9cole du dehors fait pleinement partie du projet de l&rsquo;\u00e9cole.Une \u00e9cole qui d\u00e9veloppe les rencontres entre pairs par un travail dans la confiance entre parents, \u00e9l\u00e8ves et \u00e9quipe \u00e9ducative. All Post Cycle 3 Cycle 2 Cycle 1 Vie d&#039;\u00e9cole Une journ\u00e9e \u00e9cole du dehors \u00e0 Gu\u00e9rande 9 avril 2026\/ Jeudi 9&nbsp; avril, les \u00e9l\u00e8ves du ce2 au cm2 ont tous enfourch\u00e9 leur v\u00e9lo pour&#8230; Lire plus&#8230; Embarquement sur les paquebots de St Nazaire 31 mars 2026\/ Mardi 31&nbsp; mars, les \u00e9l\u00e8ves du CP au CM2 sont partis d\u00e9couvrir St Nazaire, les&#8230; Lire plus&#8230; La course du c\u0153ur pour Marc 30 mars 2026\/ Lundi 30&nbsp; mars, tous les \u00e9l\u00e8ves de l&rsquo;\u00e9cole se sont retrouv\u00e9s sur le terrain de&#8230; Lire plus&#8230; Piscine CE1-CE2 25 mars 2026\/ Nous avons profit\u00e9 de s\u00e9ances de piscine au mois de janvier. Nous avons bien progress\u00e9&#8230; Lire plus&#8230; Championnat Perplexus 25 mars 2026\/ Nous avons 3&nbsp; championnes de Perplexus dans l&rsquo;\u00e9cole. Juliette, Rose et Jade, 3 \u00e9l\u00e8ves de&#8230; Lire plus&#8230; Nouvelles po\u00e9sies du printemps en cm1-cm2 17 mars 2026\/ Voici les po\u00e9sies pour le nouveau planning.&nbsp; Le th\u00e8me du printemps est pr\u00e9sent avec les&#8230; Lire plus&#8230; Load More End of Content. \u00ab\u00a0On se lasse de tout except\u00e9 d&rsquo;apprendre\u00a0\u00bb Virgile, 70\u00a0 av JC<\/p>\n","protected":false},"author":9,"featured_media":0,"parent":0,"menu_order":0,"comment_status":"closed","ping_status":"closed","template":"","meta":{"ngg_post_thumbnail":0,"footnotes":""},"_links":{"self":[{"href":"https:\/\/stjoseph-lamadeleine-guerande.fr\/index.php?rest_route=\/wp\/v2\/pages\/2"}],"collection":[{"href":"https:\/\/stjoseph-lamadeleine-guerande.fr\/index.php?rest_route=\/wp\/v2\/pages"}],"about":[{"href":"https:\/\/stjoseph-lamadeleine-guerande.fr\/index.php?rest_route=\/wp\/v2\/types\/page"}],"author":[{"embeddable":true,"href":"https:\/\/stjoseph-lamadeleine-guerande.fr\/index.php?rest_route=\/wp\/v2\/users\/9"}],"replies":[{"embeddable":true,"href":"https:\/\/stjoseph-lamadeleine-guerande.fr\/index.php?rest_route=%2Fwp%2Fv2%2Fcomments&post=2"}],"version-history":[{"count":447,"href":"https:\/\/stjoseph-lamadeleine-guerande.fr\/index.php?rest_route=\/wp\/v2\/pages\/2\/revisions"}],"predecessor-version":[{"id":32699,"href":"https:\/\/stjoseph-lamadeleine-guerande.fr\/index.php?rest_route=\/wp\/v2\/pages\/2\/revisions\/32699"}],"wp:attachment":[{"href":"https:\/\/stjoseph-lamadeleine-guerande.fr\/index.php?rest_route=%2Fwp%2Fv2%2Fmedia&parent=2"}],"curies":[{"name":"wp","href":"https:\/\/api.w.org\/{rel}","templated":true}]}}